{"id":558,"date":"2019-03-02T18:55:55","date_gmt":"2019-03-02T11:55:55","guid":{"rendered":"https:\/\/demo.tamnguyen.vn\/dulich\/?post_type=product&#038;p=558"},"modified":"2019-03-02T18:55:55","modified_gmt":"2019-03-02T11:55:55","slug":"tour-chau-au-phap-thuy-si-y-vatican-turkish-airline","status":"publish","type":"product","link":"https:\/\/demo.tamnguyen.vn\/dulich\/tour-chau-au-phap-thuy-si-y-vatican-turkish-airline\/","title":{"rendered":"Tour Ch\u00e2u \u00c2u: Ph\u00e1p &#8211; Th\u1ee5y S\u0129 &#8211; \u00dd &#8211; Vatican (Turkish Airline)"},"content":{"rendered":"<h2 class=\"article-title-list\">Tour Ch\u00e2u \u00c2u: Ph\u00e1p &#8211; Th\u1ee5y S\u0129 &#8211; \u00dd &#8211; Vatican (Turkish Airline)<\/h2>\n","protected":false},"excerpt":{"rendered":"<p>Tour Ch\u00e2u \u00c2u: Ph\u00e1p &#8211; Th\u1ee5y S\u0129 &#8211; \u00dd &#8211; Vatican (Turkish Airline)<\/p>\n","protected":false},"featured_media":559,"comment_status":"open","ping_status":"closed","template":"","meta":[],"yoast_head":"<!-- This site is optimized with the Yoast SEO plugin v14.6.1 - https:\/\/yoast.com\/wordpress\/plugins\/seo\/ -->\n<title>Tour Ch\u00e2u \u00c2u: Ph\u00e1p - Th\u1ee5y S\u0129 - \u00dd - Vatican (Turkish Airline) - Vivutravel<\/title>\n<meta name=\"robots\" content=\"index, follow\" \/>\n<meta name=\"googlebot\" content=\"index, follow, max-snippet:-1, max-image-preview:large, max-video-preview:-1\" \/>\n<meta name=\"bingbot\" content=\"index, follow, max-snippet:-1, max-image-preview:large, max-video-preview:-1\" \/>\n<link rel=\"canonical\" href=\"https:\/\/demo.tamnguyen.vn\/dulich\/tour-chau-au-phap-thuy-si-y-vatican-turkish-airline\/\" \/>\n<meta property=\"og:locale\" content=\"vi_VN\" \/>\n<meta property=\"og:type\" content=\"article\" \/>\n<meta property=\"og:title\" content=\"Tour Ch\u00e2u \u00c2u: Ph\u00e1p - Th\u1ee5y S\u0129 - \u00dd - Vatican (Turkish Airline) - Vivutravel\" \/>\n<meta property=\"og:description\" content=\"Tour Ch\u00e2u \u00c2u: Ph\u00e1p &#8211; Th\u1ee5y S\u0129 &#8211; \u00dd &#8211; Vatican (Turkish Airline)\" \/>\n<meta property=\"og:url\" content=\"https:\/\/demo.tamnguyen.vn\/dulich\/tour-chau-au-phap-thuy-si-y-vatican-turkish-airline\/\" \/>\n<meta property=\"og:site_name\" content=\"Vivutravel\" \/>\n<meta property=\"og:image\" content=\"https:\/\/demo.tamnguyen.vn\/dulich\/wp-content\/uploads\/2019\/03\/Cologne.jpg\" \/>\n\t<meta property=\"og:image:width\" content=\"768\" \/>\n\t<meta property=\"og:image:height\" content=\"512\" \/>\n<meta name=\"twitter:card\" content=\"summary\" \/>\n<script type=\"application\/ld+json\" class=\"yoast-schema-graph\">{\"@context\":\"https:\/\/schema.org\",\"@graph\":[{\"@type\":\"WebSite\",\"@id\":\"https:\/\/demo.tamnguyen.vn\/dulich\/#website\",\"url\":\"https:\/\/demo.tamnguyen.vn\/dulich\/\",\"name\":\"Vivutravel\",\"description\":\"Tour\",\"potentialAction\":[{\"@type\":\"SearchAction\",\"target\":\"https:\/\/demo.tamnguyen.vn\/dulich\/?s={search_term_string}\",\"query-input\":\"required name=search_term_string\"}],\"inLanguage\":\"vi\"},{\"@type\":\"ImageObject\",\"@id\":\"https:\/\/demo.tamnguyen.vn\/dulich\/tour-chau-au-phap-thuy-si-y-vatican-turkish-airline\/#primaryimage\",\"inLanguage\":\"vi\",\"url\":\"https:\/\/demo.tamnguyen.vn\/dulich\/wp-content\/uploads\/2019\/03\/Cologne.jpg\",\"width\":768,\"height\":512},{\"@type\":\"WebPage\",\"@id\":\"https:\/\/demo.tamnguyen.vn\/dulich\/tour-chau-au-phap-thuy-si-y-vatican-turkish-airline\/#webpage\",\"url\":\"https:\/\/demo.tamnguyen.vn\/dulich\/tour-chau-au-phap-thuy-si-y-vatican-turkish-airline\/\",\"name\":\"Tour Ch\\u00e2u \\u00c2u: Ph\\u00e1p - Th\\u1ee5y S\\u0129 - \\u00dd - Vatican (Turkish Airline) - Vivutravel\",\"isPartOf\":{\"@id\":\"https:\/\/demo.tamnguyen.vn\/dulich\/#website\"},\"primaryImageOfPage\":{\"@id\":\"https:\/\/demo.tamnguyen.vn\/dulich\/tour-chau-au-phap-thuy-si-y-vatican-turkish-airline\/#primaryimage\"},\"datePublished\":\"2019-03-02T11:55:55+00:00\",\"dateModified\":\"2019-03-02T11:55:55+00:00\",\"inLanguage\":\"vi\",\"potentialAction\":[{\"@type\":\"ReadAction\",\"target\":[\"https:\/\/demo.tamnguyen.vn\/dulich\/tour-chau-au-phap-thuy-si-y-vatican-turkish-airline\/\"]}]}]}<\/script>\n<!-- \/ Yoast SEO plugin. -->","_links":{"self":[{"href":"https:\/\/demo.tamnguyen.vn\/dulich\/wp-json\/wp\/v2\/product\/558"}],"collection":[{"href":"https:\/\/demo.tamnguyen.vn\/dulich\/wp-json\/wp\/v2\/product"}],"about":[{"href":"https:\/\/demo.tamnguyen.vn\/dulich\/wp-json\/wp\/v2\/types\/product"}],"replies":[{"embeddable":true,"href":"https:\/\/demo.tamnguyen.vn\/dulich\/wp-json\/wp\/v2\/comments?post=558"}],"wp:featuredmedia":[{"embeddable":true,"href":"https:\/\/demo.tamnguyen.vn\/dulich\/wp-json\/wp\/v2\/media\/559"}],"wp:attachment":[{"href":"https:\/\/demo.tamnguyen.vn\/dulich\/wp-json\/wp\/v2\/media?parent=558"}],"curies":[{"name":"wp","href":"https:\/\/api.w.org\/{rel}","templated":true}]}}